{"id":93,"date":"2016-02-17T18:04:37","date_gmt":"2016-02-17T17:04:37","guid":{"rendered":"http:\/\/h2online.at\/wordpress\/?page_id=93"},"modified":"2016-05-14T11:33:39","modified_gmt":"2016-05-14T09:33:39","slug":"ausstellungen","status":"publish","type":"page","link":"https:\/\/h2online.at\/wordpress\/ausstellungen\/","title":{"rendered":"Ausstellungen"},"content":{"rendered":"<table border=\"0\" width=\"98%\">\n<tbody>\n<tr>\n<td valign=\"top\" width=\"3%\"><\/td>\n<td valign=\"top\" width=\"34%\">\n<h3>Ausstellungen und Ausstellungsbeteiligungen (Auswahl)<\/h3>\n<\/td>\n<td valign=\"top\" width=\"4%\"><\/td>\n<\/tr>\n<tr>\n<td valign=\"top\"><span style=\"color: #ff0033;\">1980<\/span><\/td>\n<td valign=\"top\">\n<ul>\n<li>1. Ausstellung im Gasthaus &#8220;Alten Herrenhaus&#8221;, Kilb \/ N\u00d6<\/li>\n<\/ul>\n<\/td>\n<td valign=\"top\"><\/td>\n<td valign=\"top\" width=\"59%\"><\/td>\n<\/tr>\n<tr>\n<td valign=\"top\"><span style=\"color: #ff0033;\">1986<\/span><\/td>\n<td valign=\"top\">\n<ul>\n<li>Salon Annuel Internationali in Lyon, Frankreich, (Wiener Kunstschule) &#8211; Ausstellungsbeteiligung<\/li>\n<\/ul>\n<\/td>\n<td valign=\"top\"><\/td>\n<td valign=\"top\"><\/td>\n<\/tr>\n<tr>\n<td valign=\"top\"><span style=\"color: #ff0033;\">1991<\/span><\/td>\n<td valign=\"top\">\n<ul>\n<li>Galerie Atem, St. P\u00f6lten\/N\u00d6<\/li>\n<\/ul>\n<\/td>\n<td valign=\"top\"><\/td>\n<td valign=\"top\"><\/td>\n<\/tr>\n<tr>\n<td valign=\"top\"><span style=\"color: #ff0033;\">1993<\/span><\/td>\n<td valign=\"top\">\n<ul>\n<li>Galerie Maringer, Krems\/N\u00d6<\/li>\n<li>Galerie der Kunststudenten, Wien<\/li>\n<\/ul>\n<\/td>\n<td valign=\"top\"><\/td>\n<td valign=\"top\"><\/td>\n<\/tr>\n<tr>\n<td valign=\"top\"><span style=\"color: #ff0033;\">1994<\/span><\/td>\n<td valign=\"top\">\n<ul>\n<li>Galerie Maringer, St. P\u00f6lten\/N\u00d6 &#8211; Beteiligung<\/li>\n<\/ul>\n<\/td>\n<td valign=\"top\"><\/td>\n<td valign=\"top\"><\/td>\n<\/tr>\n<tr>\n<td valign=\"top\"><span style=\"color: #ff0033;\">1996<\/span><\/td>\n<td valign=\"top\">\n<ul>\n<li>Galerie Ledererhaus, Kilb\/N\u00d6 &#8211; Beteiligung<\/li>\n<li>Nibelungengalerie, Linz\/O\u00d6<\/li>\n<li>Galerie Gruber, Krems\/N\u00d6<\/li>\n<\/ul>\n<\/td>\n<td valign=\"top\"><\/td>\n<td valign=\"top\"><\/td>\n<\/tr>\n<tr>\n<td valign=\"top\"><span style=\"color: #ff0033;\">1997<\/span><\/td>\n<td valign=\"top\">\n<ul>\n<li>United art gallery, Wien, Ausstellungsbeteiligung<\/li>\n<li>Galerie Kaiblinger, St. Leonhard\/Forst N\u00d6 &#8211; Beteiligung<\/li>\n<li>Galerie Forsthaus, Melk\/N\u00d6<\/li>\n<li>Nibelungengalerie, Linz\/O\u00d6<\/li>\n<\/ul>\n<\/td>\n<td valign=\"top\"><\/td>\n<td valign=\"top\"><\/td>\n<\/tr>\n<tr>\n<td valign=\"top\"><span style=\"color: #ff0033;\">1998<\/span><\/td>\n<td valign=\"top\">\n<ul>\n<li>Galerie Payer, Leoben\/Stmk.<\/li>\n<\/ul>\n<\/td>\n<td valign=\"top\"><\/td>\n<td valign=\"top\"><\/td>\n<\/tr>\n<tr>\n<td valign=\"top\"><span style=\"color: #ff0033;\">1999<\/span><\/td>\n<td valign=\"top\">\n<ul>\n<li>Schulgalerie BG und BRG Krems\/N\u00d6<\/li>\n<li>Galerie BZH, St. P\u00f6lten<\/li>\n<li>Galerie Gruber, Krems \u2013 Beteiligung<\/li>\n<li>Galerie Eiskeller, Loosdorf\/N\u00d6<\/li>\n<li>Galerie Prisma, Wien &#8211; Beteiligung<\/li>\n<\/ul>\n<\/td>\n<td valign=\"top\"><\/td>\n<td valign=\"top\"><\/td>\n<\/tr>\n<tr>\n<td valign=\"top\"><span style=\"color: #ff0033;\">2000<\/span><\/td>\n<td valign=\"top\">\n<ul>\n<li>Galerie Kristof (Breslau Galerie Johns\/Polen)<\/li>\n<li>Galerie Gruber, Krems\/N\u00d6<\/li>\n<\/ul>\n<\/td>\n<td valign=\"top\"><\/td>\n<td valign=\"top\"><\/td>\n<\/tr>\n<tr>\n<td valign=\"top\"><span style=\"color: #ff0033;\">2001<\/span><\/td>\n<td valign=\"top\">\n<ul>\n<li>Galerie Angerer, Schwaz\/Tirol &#8211; Beteiligung<\/li>\n<\/ul>\n<\/td>\n<td valign=\"top\"><\/td>\n<td valign=\"top\"><\/td>\n<\/tr>\n<tr>\n<td valign=\"top\"><span style=\"color: #ff0033;\">2002<\/span><\/td>\n<td valign=\"top\">\n<ul>\n<li>Galerie Prisma, Wien \u2013 Beteiligung<\/li>\n<li>Galerie in der Fabrik Rabenstein\/N\u00d6<\/li>\n<li>Galerie Prisma, Wien<\/li>\n<li>United art gallery, Eringerfeld\/Nordrhein-Westfalen, BRD Beteiligung<\/li>\n<li>\u00bbKunst x 12\u00ab haus 2. 1, St. P\u00f6lten\/N\u00d6 &#8211; Beteilung<\/li>\n<\/ul>\n<\/td>\n<td valign=\"top\"><\/td>\n<td valign=\"top\"><\/td>\n<\/tr>\n<tr>\n<td valign=\"top\" height=\"34\"><span style=\"color: #ff0033;\">2003<\/span><\/td>\n<td valign=\"top\">\n<ul>\n<li>Galerie Kaiblinger, St, Leonhard\/Forst,<\/li>\n<li>Galerie Kulturwerkstatt-5er-Haus, Reichenau a. d. Rax\/N\u00d6<\/li>\n<\/ul>\n<\/td>\n<td valign=\"top\"><\/td>\n<td valign=\"top\"><\/td>\n<\/tr>\n<tr>\n<td valign=\"top\" height=\"34\"><span style=\"color: #ff0033;\">2005<\/span><\/td>\n<td valign=\"top\">\n<ul>\n<li>Internationale Art-Galerie Salzburg<\/li>\n<li>Galerie Prisma, Wien<\/li>\n<\/ul>\n<\/td>\n<td valign=\"top\"><\/td>\n<td valign=\"top\"><\/td>\n<\/tr>\n<tr>\n<td valign=\"top\" height=\"34\"><span style=\"color: #ff0033;\">2006<\/span><\/td>\n<td valign=\"top\">\n<ul>\n<li>Cafe und Pub Fritz, Bischofstetten\/N\u00d6 &#8211; Live Malerei<\/li>\n<li>G\u00e4rtner Nentwich Fr\u00fchlings-Opening, Weissenkirchen\/Perschling\/N\u00d6<\/li>\n<li>30 Jahre Schulgalerie HS Loosdorf\/N\u00d6 &#8211; Sch\u00fcler-Kunst\/Kunst-Sch\u00fcler<\/li>\n<li>Tag der offenen Ateliers in N\u00d6<\/li>\n<li>Naturformationen in Bild und Stein &#8211; Stones, Amstetten<\/li>\n<li>Galerie Prisma, Wien<\/li>\n<\/ul>\n<\/td>\n<td valign=\"top\"><\/td>\n<td valign=\"top\"><\/td>\n<\/tr>\n<tr>\n<td valign=\"top\" height=\"34\"><span style=\"color: #ff0033;\">2007<\/span><\/td>\n<td valign=\"top\">\n<ul>\n<li>Rathausgalerie Amstetten<\/li>\n<li>&#8220;Das erotische Spiel der Sinne&#8221; Lesung \/ Ausstellung, Cafe und Pub Fritz, Bischofstetten \/ N\u00d6<\/li>\n<li>10 Jahre Galerie Kaiblinger, Ausstellungsbeteiligung, Retrospektive 1997-2007, St. Leonhard am Forst \/ N\u00d6<\/li>\n<li>Handwerk und Kunst, 5 Jahre Tischlerei Hans Emsenhuber, Ausstellungsbeteiligung,<br \/>\nKilb \/ N\u00d6<\/li>\n<li>Landesklinikum St. P\u00f6lten, Pathologie &#8211; Pavillon, Ausstellung<\/li>\n<li>&#8220;Tanz der Sonnenblumen und andere Geiste&#8221;, Galerie Fabrik, Rabenstein \/ N\u00d6<\/li>\n<li>Tag der offenen Ateliers N\u00d6, Atelier Krendl Bischofstetten \/ N\u00d6<\/li>\n<\/ul>\n<\/td>\n<td valign=\"top\"><\/td>\n<td valign=\"top\"><\/td>\n<\/tr>\n<tr>\n<td valign=\"top\" height=\"34\"><span style=\"color: #ff0033;\">2008<\/span><\/td>\n<td valign=\"top\">\n<ul>\n<li>&#8220;Wein, Kunst und Genuss&#8221;, Winzerhof Paul Fink, Ausstellung, Krustetten \/ N\u00d6<\/li>\n<li>&#8220;Kunst in der Natur&#8221;, Ausstellung, Steinleiten-Alm, Bischofstetten \/ N\u00d6<\/li>\n<li>&#8220;Mostviertel \/ Viertel-Festival N\u00d6, Projekt: Regenbogen VS, Beteiligung, Ruprechtshofen \/ N\u00d6<\/li>\n<li>Sport und Kunst, Projekt: Objekt f\u00fcr Stocksport H\u00fcrm \/ N\u00d6<\/li>\n<li>Kunst f\u00fcr Menschen in Not, Museumszentrum Mistelbach \/ N\u00d6 (Nitsch-Museum), Ausstellungsbeteiligung<\/li>\n<li>15 Jahre Atelier Krendl, Ausstellung, Bischofstetten \/ N\u00d6<\/li>\n<li>Tag der offenen Atelier N\u00d6, Projekt: Kreuzweg, Ausstellung, Pfarrkirche Bischofstetten \/ N\u00d6<\/li>\n<li>&#8220;Hingschaut&#8221;, Projekt: Gesundheits- und Krankenpflegearbeit, Ausstellungsbeteiligung, Diakoniewerk TechnoZ, Salzburg<\/li>\n<\/ul>\n<\/td>\n<td valign=\"top\"><\/td>\n<td valign=\"top\"><\/td>\n<\/tr>\n<tr>\n<td valign=\"top\" height=\"34\"><span style=\"color: #ff0033;\">2009<\/span><\/td>\n<td valign=\"top\">\n<ul>\n<li>Akt und Naturformation, Ausstellung, Galerie Ing. Josef Unterberger, Bischofshofen \/ Salzburg<\/li>\n<li>&#8220;Music and ART&#8221;, Ausstellung Live-Malerei, Die Villa St. P\u00f6lten \/ N\u00d6<\/li>\n<li>Kunst in der Natur, Kreuzweg &#8211; Ausstellung, Tischlerei Hermann Ofner, Halltal &#8211; Mariazell \/ Stmk<\/li>\n<li>Handkn\u00fcpfkunst und moderne Kunst, Ausstellungsbeteiligung, Leiner Amstellen \/ N\u00d6<\/li>\n<li>Kunst am Bauernhof, Tag der offenen Ateliers N\u00d6, Ruttersdorf \/ N\u00d6<\/li>\n<li>Handwerk und Kunst, Tischlerei Hans Emsenhuber, Ausstellungsbeteiligung,<br \/>\nKilb \/ N\u00d6<\/li>\n<li>Kunst f\u00fcr Menschen in Not, N\u00d6 Landesmuseum St. P\u00f6lten, Ausstellungsbeteiligung<\/li>\n<\/ul>\n<\/td>\n<td valign=\"top\"><\/td>\n<td valign=\"top\"><\/td>\n<\/tr>\n<tr>\n<td valign=\"top\" height=\"34\"><span style=\"color: #ff0033;\">2010<\/span><\/td>\n<td valign=\"top\">\n<ul>\n<li>25 Jahre Einrichtungsstudio Scharfm\u00fcller, St. Georgen\/Steinfeld N\u00d6<\/li>\n<li>Gewerbe Schau der Region Hoch 6 Bischofstetten \/ N\u00d6<\/li>\n<\/ul>\n<\/td>\n<td valign=\"top\"><\/td>\n<td valign=\"top\"><\/td>\n<\/tr>\n<tr>\n<td valign=\"top\" height=\"34\"><span style=\"color: #ff0033;\">2011<\/span><\/td>\n<td valign=\"top\">\n<ul>\n<li>Schulgalerien HS Mariazell \/ Stmk.<\/li>\n<li>Nacht der Kirchen (Kreuzweg) Pfarrkirche Mank \/ N\u00d6<\/li>\n<li>F u. G Haustechnik, (Eisen-Obejkt) Purgstall \/ N\u00d6<\/li>\n<\/ul>\n<\/td>\n<td valign=\"top\"><\/td>\n<td valign=\"top\"><\/td>\n<\/tr>\n<tr>\n<td valign=\"top\" height=\"34\"><span style=\"color: #ff0033;\">2012<\/span><\/td>\n<td valign=\"top\">\n<ul>\n<li>Galerien-Kulturzentrum Farbenklang St. P\u00f6lten \/ N\u00d6<\/li>\n<li>Gewerbeschau der Region Hoch 6, Bischofstetten \/ N\u00d6 &#8211; Beteiligung<\/li>\n<li>Eisen-Objekte f\u00fcr Gemeinde Bischofstetten \/ N\u00d6<\/li>\n<li>N\u00d6 Tage der \u00f6ffentlichen Ateliers<\/li>\n<li>Natur-Atelier Steinleitn-Alm Bischofstetten \/ N\u00d6<\/li>\n<\/ul>\n<\/td>\n<td valign=\"top\"><\/td>\n<td valign=\"top\"><\/td>\n<\/tr>\n<tr>\n<td valign=\"top\" height=\"34\"><span style=\"color: #ff0033;\">2013<\/span><\/td>\n<td valign=\"top\">\n<ul>\n<li>Kunstportal Gutenbergstra\u00dfe St. P\u00f6lten \/ N\u00d6<\/li>\n<li>N\u00d6 Tage der \u00f6ffentlichen Ateliers<\/li>\n<li>20 Jahre Ateliers Krendl, MZH Bischofstetten \/ N\u00d6<\/li>\n<\/ul>\n<\/td>\n<td valign=\"top\"><\/td>\n<td valign=\"top\"><\/td>\n<\/tr>\n<tr>\n<td valign=\"top\" height=\"34\"><span style=\"color: #ff0033;\">2014<\/span><\/td>\n<td valign=\"top\">\n<ul>\n<li>Schulgalerie der MS Loosdorf &#8211; Ausstellung Sch\u00fclerinnen, Arbeiten im Rahmen des Workshops &#8220;Perchten und andere Geister&#8221; und Krendls Arbeiten<\/li>\n<li>Gewerbeschau, Mehrzweckhalle Bischofstetten<\/li>\n<li>Mostviertel trifft Zillertal<br \/>\nAusstellung \/ Natur- und Aktivhotel Fam. Rauch, Kultur Stadel &#8220;Reme&#8221; Schwendau Zillertal Tirol<\/li>\n<li>N\u00d6 Tage der offenen Ateliers<\/li>\n<li>Pielachtaler K\u00fcnstlertage Obergrafendorf \/ Kunstgalerie Elmart Beteiligung<\/li>\n<\/ul>\n<\/td>\n<td valign=\"top\"><\/td>\n<td valign=\"top\"><\/td>\n<\/tr>\n<tr>\n<td valign=\"top\" height=\"34\"><span style=\"color: #ff0033;\">2015<\/span><\/td>\n<td valign=\"top\">\n<ul>\n<li>Ausstellung Galerie Elmart, Obergrafendorf mit Buchpr\u00e4sentation &#8220;Eros in Wort und Bild&#8221; von Karl Krendl und Ewald Reiter<\/li>\n<li>Ausstellung 11 Jahre Steinleiten Alm<br \/>\nEnth\u00fcllung Skulptur von Karl Krendl<\/li>\n<li>Galerie Elmart Obergrafendorf<br \/>\nFinissage Life Akt mit Model &#8220;Die Frau mit dem Saxophon&#8221;<\/li>\n<li>Atelier Krendl &#8211; Tag der offenen T\u00fcr<\/li>\n<li>1. Weinburger Skulpturen Schau Werken<br \/>\nSymposium<\/li>\n<li>N\u00d6 Tage der offenen Ateliers<br \/>\nBuchpr\u00e4sentation &#8220;Eros in Wort und Bild&#8221; von Karl Krendl und Ewald Reiter<\/li>\n<li>Ausstellung Arbeiterheim Volkshaus &#8220;Kulturscene 3150&#8221; Wilhelmsburg Stahlkunst Werner K\u00f6hler und Karl Krendl Lichtmaler<\/li>\n<li>Ausstellung Atelier Krendl im Advent<br \/>\nGastk\u00fcnstler: Hermine Maria Haselmeir &#8211; Naturfotografien<br \/>\nPeter Lehnert &#8211; Stein Skulpturen<br \/>\nEwald Reiter Pr\u00e4sentation des neuen Buches &#8220;Lachens.net oder doch&#8221;<\/li>\n<\/ul>\n<\/td>\n<td valign=\"top\"><\/td>\n<td valign=\"top\"><\/td>\n<\/tr>\n<tr>\n<td valign=\"top\" height=\"34\"><span style=\"color: #ff0033;\">2016<\/span><\/td>\n<td valign=\"top\">\n<ul>\n<li>Atelier Krendl Tag der offenen T\u00fcr<\/li>\n<li>Ausstellung Nu\u00dfdorff am Attersee &#8211; Beteiligung<\/li>\n<li>Gewerbeschau, MZH Bischofstetten, Beteiligung<\/li>\n<\/ul>\n<\/td>\n<td valign=\"top\"><\/td>\n<td valign=\"top\"><\/td>\n<\/tr>\n<\/tbody>\n<\/table>\n<table border=\"0\" width=\"98%\">\n<tbody>\n<tr>\n<td valign=\"top\" width=\"33\"><\/td>\n<td valign=\"top\" width=\"263\">\n<h3>Kunstmessen<\/h3>\n<\/td>\n<td valign=\"top\" width=\"45\"><\/td>\n<td valign=\"top\" width=\"768\">\n<h3>Grafische Gestaltung<\/h3>\n<\/td>\n<\/tr>\n<tr>\n<td valign=\"top\" width=\"33\"><span style=\"color: #ff0033;\">1989<\/span><\/td>\n<td valign=\"top\" width=\"263\">Wiener Kunst- und M\u00f6belmesse<\/td>\n<td valign=\"top\"><span style=\"color: #ff0033;\">1997<\/span><\/td>\n<td valign=\"top\" width=\"768\">Internationale Kunstmesse &#8220;EDITION OF ART&#8221;, Innsbruck<\/td>\n<\/tr>\n<tr>\n<td valign=\"top\" width=\"33\"><span style=\"color: #ff0033;\">1998<\/span><\/td>\n<td valign=\"top\" width=\"263\">6. Obersteirische Kunsttage, Kunsthalle Leoben &#8211; Beteiligung<\/td>\n<td valign=\"top\"><span style=\"color: #ff0033;\">2001<\/span><\/td>\n<td valign=\"top\" width=\"768\">Konzertlogo f\u00fcr &#8220;Die Sch\u00f6pfung&#8221;<br \/>\nOratorium von J. Haydn<br \/>\n(Chorgemeinschaft Kilb\/N\u00d6)<\/td>\n<\/tr>\n<tr>\n<td valign=\"top\" width=\"33\"><span style=\"color: #ff0033;\">2000<\/span><\/td>\n<td valign=\"top\" width=\"263\">4. Internationale Kunstmesse &#8220;ART&#8221; Innsbruck<\/td>\n<td valign=\"top\"><span style=\"color: #ff0033;\">2002<\/span><\/td>\n<td valign=\"top\" width=\"768\">Kunstmesse Salzburg<\/td>\n<\/tr>\n<tr>\n<td valign=\"top\"><span style=\"color: #ff0033;\">2005<\/span><\/td>\n<td valign=\"top\">Kunst- und M\u00f6belmesse Wien<\/td>\n<td valign=\"top\"><span style=\"color: #ff0033;\">2006<\/span><\/td>\n<td valign=\"top\">Kunst- und M\u00f6belmesse Wien<\/td>\n<\/tr>\n<tr>\n<td valign=\"top\"><span style=\"color: #ff0033;\">2007<\/span><\/td>\n<td valign=\"top\">Kunst- und M\u00f6belmesse Wien<\/td>\n<td valign=\"top\"><span style=\"color: #ff0033;\">2008<\/span><\/td>\n<td valign=\"top\">Kunst- und M\u00f6belmesse Wien<\/td>\n<\/tr>\n<tr>\n<td valign=\"top\"><span style=\"color: #ff0033;\">2009<\/span><\/td>\n<td valign=\"top\">Kunst- und M\u00f6belmesse Wien<\/td>\n<td valign=\"top\"><span style=\"color: #ff0033;\">2010<\/span><\/td>\n<td valign=\"top\">Kunst- und M\u00f6belmesse Wien<\/td>\n<\/tr>\n<tr>\n<td valign=\"top\"><span style=\"color: #ff0033;\">2011<\/span><\/td>\n<td valign=\"top\">Kunst- und M\u00f6belmesse Wien<\/td>\n<td valign=\"top\"><span style=\"color: #ff0033;\">2011<\/span><\/td>\n<td valign=\"top\">Int. Geigenholz-Messe Verona, Italien &#8211; Beteiligung Tischlerei Ofner, Halltal \/ ST<\/td>\n<\/tr>\n<tr>\n<td valign=\"top\"><span style=\"color: #ff0033;\">2012<\/span><\/td>\n<td valign=\"top\">Kunst- und M\u00f6belmesse Wien<\/td>\n<td valign=\"top\"><span style=\"color: #ff0033;\">2013<\/span><\/td>\n<td valign=\"top\">Kunst- und M\u00f6belmesse Wien<\/td>\n<\/tr>\n<\/tbody>\n<\/table>\n<p>&nbsp;<\/p>\n<table border=\"0\" width=\"98%\" cellspacing=\"0\" cellpadding=\"0\">\n<tbody>\n<tr>\n<td><\/td>\n<td>\n<h3>Publikationen<\/h3>\n<\/td>\n<td><\/td>\n<td>\n<h3>Werke im Besitz(Ank\u00e4ufe)<\/h3>\n<\/td>\n<\/tr>\n<tr>\n<td valign=\"top\"><span style=\"color: #ff0033;\">1996<\/span><\/td>\n<td valign=\"top\">Kunstkatalog &#8220;Krendl 1990 &#8211; 1995&#8221;<\/td>\n<td valign=\"top\"><\/td>\n<td valign=\"top\">Kulturamt der N\u00d6 Landesregierung<\/td>\n<\/tr>\n<tr>\n<td valign=\"top\"><span style=\"color: #ff0033;\">1999<\/span><\/td>\n<td valign=\"top\">Kunstkalender &#8220;Krendl 2000&#8221;<br \/>\nBuchillustrationen und lyrische Texte &#8220;Bischofstettner Materlchronik&#8221;<br \/>\nGestaltung Buchumschlag<br \/>\n&#8220;Bischofstettner Schmankerlk\u00fcche&#8221;<\/td>\n<td valign=\"top\"><\/td>\n<td valign=\"top\">HTL St. P\u00f6lten (B\u00fchnenbild zum 50-j\u00e4hrigem Bestehen)<br \/>\nGemeinde Hofstetten-Gr\u00fcnau\/N\u00d6<br \/>\nSparkasse Melk Mank-Kilb\/N\u00d6<\/td>\n<\/tr>\n<tr>\n<td valign=\"top\"><span style=\"color: #ff0033;\">2000<\/span><\/td>\n<td valign=\"top\">Kunstkatalog &#8220;Krendl 2000&#8221;<\/td>\n<td valign=\"top\"><\/td>\n<td valign=\"top\">Raiffeisenbank Bischofstetten\/N\u00d6<\/td>\n<\/tr>\n<tr>\n<td valign=\"top\"><span style=\"color: #ff0033;\">2002<\/span><\/td>\n<td valign=\"top\">Kunstkalender &#8220;10 Jahre Atelier Krendl 2003&#8221;<\/td>\n<td valign=\"top\"><\/td>\n<td valign=\"top\">Raiffeisenbank Pielachtal, Obergrafendorf\/N\u00d6<\/td>\n<\/tr>\n<tr>\n<td valign=\"top\" height=\"28\"><span style=\"color: #ff0033;\">2003<\/span><\/td>\n<td valign=\"top\">Kunstkalender &#8220;Krendl &#8211; Naturformationen&#8221;<\/td>\n<td valign=\"top\"><\/td>\n<td valign=\"top\">Kloster Karmel Maria-Jeutendorf\/N\u00d6<\/td>\n<\/tr>\n<tr>\n<td valign=\"top\" height=\"28\"><span style=\"color: #ff0033;\">2005<\/span><\/td>\n<td valign=\"top\">Kunstkalender 2006-2007 &#8220;Krendl &#8211; Naturformationen&#8221;<\/td>\n<td valign=\"top\"><\/td>\n<td valign=\"top\"><\/td>\n<\/tr>\n<tr>\n<td valign=\"top\" height=\"28\"><span style=\"color: #ff0033;\">2007<\/span><\/td>\n<td valign=\"top\">Kunstkalender 2008-2009 &#8220;Krendl- Malerei, Objekte, Studien und Kunst am Bau.<\/td>\n<td valign=\"top\"><\/td>\n<td valign=\"top\"><\/td>\n<\/tr>\n<\/tbody>\n<\/table>\n<p>&nbsp;<\/p>\n<table border=\"0\" width=\"98%\" cellspacing=\"0\" cellpadding=\"0\">\n<tbody>\n<tr>\n<td width=\"46%\">\n<h3>Kunst am Bau<\/h3>\n<\/td>\n<td width=\"54%\"><\/td>\n<\/tr>\n<\/tbody>\n<\/table>\n<table border=\"0\" width=\"98%\">\n<tbody>\n<tr>\n<td colspan=\"2\" height=\"58\"><span style=\"color: #ff0033;\">2001<\/span> Fassadengestaltung der VS Bischofstetten\/N\u00d6<\/td>\n<\/tr>\n<\/tbody>\n<\/table>\n","protected":false},"excerpt":{"rendered":"<p>Ausstellungen und Ausstellungsbeteiligungen (Auswahl) 1980 1. Ausstellung im Gasthaus &#8220;Alten Herrenhaus&#8221;, Kilb \/ N\u00d6 1986 Salon Annuel Internationali in Lyon, Frankreich, (Wiener Kunstschule) &#8211; Ausstellungsbeteiligung 1991 Galerie Atem, St. P\u00f6lten\/N\u00d6 1993 Galerie Maringer, Krems\/N\u00d6 Galerie der Kunststudenten, Wien 1994 Galerie Maringer, St. P\u00f6lten\/N\u00d6 &#8211; Beteiligung 1996 Galerie Ledererhaus, Kilb\/N\u00d6 &#8211; &#8230;<\/p>\n<p> <a class=\"continue-reading-link\" href=\"https:\/\/h2online.at\/wordpress\/ausstellungen\/\"><span>Continue reading<\/span><i class=\"crycon-right-dir\"><\/i><\/a> <\/p>\n","protected":false},"author":1,"featured_media":0,"parent":0,"menu_order":0,"comment_status":"closed","ping_status":"closed","template":"","meta":[],"_links":{"self":[{"href":"https:\/\/h2online.at\/wordpress\/wp-json\/wp\/v2\/pages\/93"}],"collection":[{"href":"https:\/\/h2online.at\/wordpress\/wp-json\/wp\/v2\/pages"}],"about":[{"href":"https:\/\/h2online.at\/wordpress\/wp-json\/wp\/v2\/types\/page"}],"author":[{"embeddable":true,"href":"https:\/\/h2online.at\/wordpress\/wp-json\/wp\/v2\/users\/1"}],"replies":[{"embeddable":true,"href":"https:\/\/h2online.at\/wordpress\/wp-json\/wp\/v2\/comments?post=93"}],"version-history":[{"count":13,"href":"https:\/\/h2online.at\/wordpress\/wp-json\/wp\/v2\/pages\/93\/revisions"}],"predecessor-version":[{"id":211,"href":"https:\/\/h2online.at\/wordpress\/wp-json\/wp\/v2\/pages\/93\/revisions\/211"}],"wp:attachment":[{"href":"https:\/\/h2online.at\/wordpress\/wp-json\/wp\/v2\/media?parent=93"}],"curies":[{"name":"wp","href":"https:\/\/api.w.org\/{rel}","templated":true}]}}